{"id":2,"date":"2019-10-11T22:01:00","date_gmt":"2019-10-11T22:01:00","guid":{"rendered":"http:\/\/www.gunner.es\/Mil\/?page_id=2"},"modified":"2026-02-25T15:35:41","modified_gmt":"2026-02-25T13:35:41","slug":"pagina-descargas","status":"publish","type":"page","link":"https:\/\/www.gunner.es\/Mil\/index.php\/pagina-descargas\/","title":{"rendered":"P\u00e1gina de Descargas"},"content":{"rendered":"En esta secci\u00f3n del blog militar podr\u00e9is encontrar agrupadas por categor\u00edas &#8211; establecidas a criterio propio &#8211; diversa documentaci\u00f3n, ficheros y otros contenidos <sub>(procedentes de fuentes varias, eventos a los que he asistido, y\/o reunidos y escaneados pacientemente)<\/sub> que pueden ser de inter\u00e9s para los aficionados a estas tem\u00e1ticas, pero fundamentalmente asociados a los post que encontrar\u00e9is o podr\u00edais encontrar en cualquiera de las tres secciones principales de esta web. He de decir que en los casos en que la informaci\u00f3n que os facilito en este cat\u00e1logo haya sido generada por otros, la propiedad intelectual de la misma pertenece a sus respectivos autores.\r\n\r\nEspero que os sean de utilidad puesto que constituyen un interesante repositorio sobre todo lo relacionado con el mundo militar. Los he ido recopilando a lo largo del tiempo y pueden ser dificiles de localizar fuera de esta web. Util\u00edcenlos con toda libertad aunque me har\u00eda especial ilusi\u00f3n que mencionasen la fuente.\r\n<blockquote>El saber no ocupa lugar, pero si el esfuerzo de tratarlo!!!<\/blockquote>\r\nUn saludo, y disfruten de los contenidos.\r\n<table style=\"height: 155px;\" width=\"583\">\r\n<tbody>\r\n<tr>\r\n<th>\r\n<p style=\"text-align: left;\"><u>El vuelo nuclear:<\/u><\/p>\r\n<p style=\"text-align: left;\">Documentos que muestran antiguos intentos para construir aeronaves propulsadas por energ\u00eda nuclear.<\/p>\r\n\r\n<ul>\r\n \t<li style=\"text-align: left;\"><a href=\"https:\/\/www.gunner.es\/Mil\/wp-content\/uploads\/2019\/11\/Volando_En_un_Nuclear_Traduccion.pdf\" target=\"_blank\" rel=\"noopener noreferrer\">El bombardero americano propulsado por energ\u00eda nuclear<\/a><\/li>\r\n \t<li style=\"text-align: left;\"><a href=\"https:\/\/www.gunner.es\/Mil\/wp-content\/uploads\/2019\/11\/Soviet_Nuclear_Powered_Bombers.pdf\" target=\"_blank\" rel=\"noopener noreferrer\">El bombardero ruso propulsado por energ\u00eda nuclear<\/a><\/li>\r\n<\/ul>\r\n<\/th>\r\n<\/tr>\r\n<\/tbody>\r\n<\/table>\r\n<table style=\"height: 129px;\" width=\"583\">\r\n<tbody>\r\n<tr>\r\n<th>\r\n<p style=\"text-align: left;\"><u>Fuerza a\u00e9rea Brit\u00e1nica:<\/u><\/p>\r\n<p style=\"text-align: left;\">Equipamiento de la Real Fuerza A\u00e9rea Brit\u00e1nica.<\/p>\r\n\r\n<ul>\r\n \t<li style=\"text-align: left;\"><a href=\"https:\/\/www.gunner.es\/Mil\/wp-content\/uploads\/2021\/10\/Farnborough-2014.pdf\" target=\"_blank\" rel=\"noopener noreferrer\">Farnborough map \u2013 2014 &#8211; v1<\/a><\/li>\r\n \t<li style=\"text-align: left;\"><a href=\"https:\/\/www.gunner.es\/Mil\/wp-content\/uploads\/2021\/11\/Farnborough-2014-v2.pdf\" target=\"_blank\" rel=\"noopener noreferrer\">Farnborough map \u2013 2014 &#8211; v2<\/a><\/li>\r\n \t<li style=\"text-align: left;\"><a href=\"https:\/\/www.gunner.es\/Mil\/wp-content\/uploads\/2021\/10\/Red-Arrows-2014-Reducido.pdf\" target=\"_blank\" rel=\"noopener noreferrer\">Red Arrows Display Season \u2013 2014<\/a><\/li>\r\n \t<li style=\"text-align: left;\"><a href=\"https:\/\/www.gunner.es\/Mil\/wp-content\/uploads\/2021\/10\/EF2000-2014-Completo-Reducido.pdf\" target=\"_blank\" rel=\"noopener noreferrer\">EF2000 Display Team \u2013 2014 \u2013 Completo<\/a><\/li>\r\n \t<li style=\"text-align: left;\"><a href=\"https:\/\/www.gunner.es\/Mil\/wp-content\/uploads\/2019\/11\/GoldenEagle-88.pdf\" target=\"_blank\" rel=\"noopener noreferrer\">Booklet Golden Eagle 88<\/a><\/li>\r\n \t<li style=\"text-align: left;\"><!-- \/wp:post-content --><a href=\"https:\/\/www.gunner.es\/Mil\/wp-content\/uploads\/2020\/03\/Tornado-Maintainability-R-P1.pdf\" target=\"_blank\" rel=\"noopener noreferrer\">Tornado Maintainability &#8211; Parte I<\/a><\/li>\r\n \t<li style=\"text-align: left;\"><!-- \/wp:list --><a href=\"https:\/\/www.gunner.es\/Mil\/wp-content\/uploads\/2020\/03\/Tornado-Maintainability-R-P2.pdf\" target=\"_blank\" rel=\"noopener noreferrer\">Tornado Maintainability &#8211; Parte II<\/a><!-- \/wp:list --><\/li>\r\n<\/ul>\r\n<\/th>\r\n<\/tr>\r\n<\/tbody>\r\n<\/table>\r\n<table style=\"height: 129px;\" width=\"583\">\r\n<tbody>\r\n<tr>\r\n<th>\r\n<p style=\"text-align: left;\"><u>Militaria USA:<\/u><\/p>\r\n<p style=\"text-align: left;\">Documentaci\u00f3n relativa al Ej\u00e9rcito Norteamericano.<\/p>\r\n\r\n<ul>\r\n \t<li style=\"text-align: left;\"><a href=\"https:\/\/www.gunner.es\/Mil\/wp-content\/uploads\/2023\/08\/USS-Intrepid.pdf\" target=\"_blank\" rel=\"noopener noreferrer\">Mapa del museo fotante USS Intrepid en Nueva York<\/a><!-- \/wp:list --><\/li>\r\n \t<li style=\"text-align: left;\"><a href=\"https:\/\/www.gunner.es\/Mil\/wp-content\/uploads\/2023\/08\/WWII-Memorial.pdf\" target=\"_blank\" rel=\"noopener noreferrer\">Folleto del Memorial de la WW II en Washington<\/a><\/li>\r\n \t<li style=\"text-align: left;\"><a href=\"https:\/\/www.gunner.es\/Mil\/wp-content\/uploads\/2023\/08\/Vietnam-Memorial.pdf\" target=\"_blank\" rel=\"noopener noreferrer\">Folleto del Memorial de la Guerra de Vietnam en Washington<\/a><\/li>\r\n \t<li style=\"text-align: left;\"><a href=\"https:\/\/www.gunner.es\/Mil\/wp-content\/uploads\/2023\/08\/Arlington.pdf\" target=\"_blank\" rel=\"noopener noreferrer\">Gu\u00eda de visitantes del Cementerio de Arlington<\/a><\/li>\r\n<\/ul>\r\n<\/th>\r\n<\/tr>\r\n<\/tbody>\r\n<\/table>\r\n<table style=\"height: 129px;\" width=\"583\">\r\n<tbody>\r\n<tr>\r\n<th>\r\n<p style=\"text-align: left;\"><u>Museo de Aeron\u00e1utica y Astron\u00e1utica:<\/u><\/p>\r\n<p style=\"text-align: left;\">Folletos publicitarios del <a href=\"http:\/\/www.ejercitodelaire.mde.es\/EA\/museodelaire\/\"><em>Museo de Cuatro Vientos<\/em><\/a>, un lugar imprescindible que visitar por todos los aficionados a la aviaci\u00f3n.<\/p>\r\n\r\n<ul>\r\n \t<li style=\"text-align: left;\"><a href=\"https:\/\/www.gunner.es\/Mil\/wp-content\/uploads\/2019\/11\/201911200823.pdf\" target=\"_blank\" rel=\"noopener noreferrer\">Aviaci\u00f3n espa\u00f1ola: Los grandes vuelos<\/a><!-- \/wp:list --><\/li>\r\n \t<li style=\"text-align: left;\"><a href=\"https:\/\/www.gunner.es\/Mil\/wp-content\/uploads\/2019\/11\/201911200810.pdf\" target=\"_blank\" rel=\"noopener noreferrer\">Folleto\/Plano de acceso, horarios y visitas al museo<\/a><!-- \/wp:list --><\/li>\r\n \t<li style=\"text-align: left;\"><a href=\"https:\/\/www.gunner.es\/Mil\/wp-content\/uploads\/2019\/11\/201911200812.pdf\" target=\"_blank\" rel=\"noopener noreferrer\">Folleto de informaci\u00f3n general (I-15 \u00abChato\u00bb)<\/a><!-- \/wp:list --><\/li>\r\n \t<li style=\"text-align: left;\"><a href=\"https:\/\/www.gunner.es\/Mil\/wp-content\/uploads\/2019\/11\/201911200815.pdf\" target=\"_blank\" rel=\"noopener noreferrer\">Folleto de informaci\u00f3n general (Bleriot XI)<\/a><!-- \/wp:list --><\/li>\r\n<\/ul>\r\n<\/th>\r\n<\/tr>\r\n<\/tbody>\r\n<\/table>\r\n<table style=\"height: 129px;\" width=\"583\">\r\n<tbody>\r\n<tr>\r\n<th>\r\n<p style=\"text-align: left;\"><u>Divulgaci\u00f3n infantil:<\/u><\/p>\r\n<p style=\"text-align: left;\">La pasi\u00f3n por el mundo militar comienza y se inculca desde peque\u00f1o. Para ellos se crean contenidos adecuados a su edad.<\/p>\r\n\r\n<ul>\r\n \t<li style=\"text-align: left;\"><a href=\"https:\/\/www.gunner.es\/Mil\/wp-content\/uploads\/2021\/11\/Red-Arrows-2014-Recortable.pdf\" target=\"_blank\" rel=\"noopener noreferrer\">Red Arrows 2014 &#8211; Recortable<\/a><\/li>\r\n \t<li style=\"text-align: left;\"><a href=\"https:\/\/www.gunner.es\/Mil\/wp-content\/uploads\/2019\/11\/201911200858.pdf\" target=\"_blank\" rel=\"noopener noreferrer\">Folleto: El sue\u00f1o de volar<\/a><!-- \/wp:list --><\/li>\r\n \t<li style=\"text-align: left;\"><a href=\"https:\/\/www.gunner.es\/Mil\/wp-content\/uploads\/2020\/03\/Recortable-Patrulla-Aspa.pdf\" target=\"_blank\" rel=\"noopener noreferrer\">Recortable: \u00abPatrulla Aspa\u00bb<\/a><!-- \/wp:list --><\/li>\r\n \t<li style=\"text-align: left;\"><a href=\"https:\/\/www.gunner.es\/Mil\/wp-content\/uploads\/2020\/03\/Buchoncito.pdf\" target=\"_blank\" rel=\"noopener noreferrer\">Folleto \u00abEl buchoncito &#8211; HA-1112\u00bb<\/a><!-- \/wp:list --><\/li>\r\n<\/ul>\r\n<\/th>\r\n<\/tr>\r\n<\/tbody>\r\n<\/table>\r\n<table style=\"height: 129px;\" width=\"583\">\r\n<tbody>\r\n<tr>\r\n<th style=\"text-align: left;\">\r\n<p style=\"text-align: left;\"><u>Aviaci\u00f3n en Sevilla:<\/u><\/p>\r\n&nbsp;\r\n\r\nPrograma de la Jornada de Seguridad A\u00e9rea en la factor\u00eda Airbus de Sevilla del 31 de Marzo de 2025.\r\n<ul>\r\n<br>\r\n \t<li><a href=\"https:\/\/www.gunner.es\/Mil\/wp-content\/uploads\/2026\/02\/Jornada-Safety-First-2025.pdf\" target=\"_blank\" rel=\"noopener noreferrer\">Jornada de seguridad a\u00e9rea &#8211; Safety First &#8211; 2025<\/a><\/li>\r\n<\/ul>\r\n<p style=\"text-align: left;\">Programa de actividades del 18 de Septiembre de 2021, durante la Jornada aeron\u00e1utica Tablada Centenaria.<\/p>\r\n<ul>\r\n \t<li><a href=\"https:\/\/www.gunner.es\/Mil\/wp-content\/uploads\/2021\/10\/Jornada-Aeronautica-Tablada-Centenaria-2021.pdf\" target=\"_blank\" rel=\"noopener noreferrer\">Jornada Aeronautica Tablada Centenaria \u2013 2021<\/a><\/li>\r\n \t<li><a href=\"https:\/\/www.gunner.es\/Mil\/wp-content\/uploads\/2022\/01\/Patrulla-Aspa.pdf\" target=\"_blank\" rel=\"noopener noreferrer\">Folleto Patrulla ASPA \u2013 2021<\/a><\/li>\r\n \t<li style=\"text-align: left;\"><a href=\"https:\/\/www.gunner.es\/Mil\/wp-content\/uploads\/2021\/10\/Getafe-2021-.pdf\" target=\"_blank\" rel=\"noopener noreferrer\">Getafe\/Ala35 \u2013 2021<\/a><\/li>\r\n<\/ul>\r\n<p style=\"text-align: left;\">Programa de actividades del 7 de Marzo de 2020, durante la Copa del Rey de Aeroestaci\u00f3n celebrada en la Dehesa de Tablada.<\/p>\r\n\r\n<ul>\r\n \t<li><a href=\"https:\/\/www.gunner.es\/Mil\/wp-content\/uploads\/2020\/03\/202003090920.pdf\" target=\"_blank\" rel=\"noopener noreferrer\">Programa Copa del Rey de Aerostaci\u00f3n 2020<\/a><\/li>\r\n<\/ul>\r\n<p style=\"text-align: left;\">Folletos publicitarios del D\u00eda de las FF.AA. celebrado en <em><a href=\"https:\/\/es.wikipedia.org\/wiki\/Sevilla\">Sevilla<\/a><\/em> el 1 de Junio de 2019, en el que se celebraron diferentes actos conmemorativos.<\/p>\r\n\r\n<ul>\r\n \t<li style=\"text-align: left;\"><a href=\"https:\/\/www.gunner.es\/Mil\/wp-content\/uploads\/2019\/11\/201911200811.pdf\" target=\"_blank\" rel=\"noopener noreferrer\">Triptico de actividades relacionadas<\/a><\/li>\r\n \t<li style=\"text-align: left;\"><a href=\"https:\/\/www.gunner.es\/Mil\/wp-content\/uploads\/2019\/11\/201911200831.pdf\" target=\"_blank\" rel=\"noopener noreferrer\">Folleto de la exposici\u00f3n \u00ab75 a\u00f1os de Nuestra bandera\u00bb<\/a><\/li>\r\n<\/ul>\r\nFolleto de la visita del pionero avi\u00f3n solar experimental SolarImpulse, que movido \u00fanicamente por energ\u00eda solar aterriz\u00f3 en las instalaciones de Airbus del aeropuerto de San Pablo en 2016 durante su exitosa vuelta aerea al mundo.\r\n\r\n<ul>\r\n<br>\r\n \t<li><a href=\"https:\/\/www.gunner.es\/Mil\/wp-content\/uploads\/2022\/02\/SolarImpulse-2016.pdf\" target=\"_blank\" rel=\"noopener\">SolarImpulse \u2013 2016<\/a><\/li>\r\n<\/ul>\r\n<p style=\"text-align: left;\">Folletos publicitarios de la celebraci\u00f3n del 75 aniversario de la <a href=\"https:\/\/es.wikipedia.org\/wiki\/Base_A%C3%A9rea_de_Mor%C3%B3n\" target=\"_blank\" rel=\"noopener noreferrer\">Base A\u00e9rea de Mor\u00f3n de la Frontera<\/a> el 31 de Mayo de 2015, en el que se celebr\u00f3 una exposici\u00f3n est\u00e1tica y una exhibici\u00f3n a\u00e9rea.<\/p>\r\n\r\n<ul>\r\n \t<li style=\"text-align: left;\"><a href=\"https:\/\/www.gunner.es\/Mil\/wp-content\/uploads\/2020\/03\/Ala-11.pdf\" target=\"_blank\" rel=\"noopener noreferrer\">Descripci\u00f3n de la base a\u00e9rea de Mor\u00f3n y del Ala 11<\/a><!-- \/wp:list --><\/li>\r\n \t<li style=\"text-align: left;\"><a href=\"https:\/\/www.gunner.es\/Mil\/wp-content\/uploads\/2020\/03\/Moron-2015.pdf\" target=\"_blank\" rel=\"noopener noreferrer\">Programa de la Jornada de puertas abiertas Mor\u00f3n 2015<\/a><!-- \/wp:list --><\/li>\r\n<\/ul>\r\nFolletos del ciclo de actividades en 2010: La exposici\u00f3n de aeronaves del <em><a href=\"https:\/\/ejercitodelaire.defensa.gob.es\/EA\/museodelaire\/index.html\" target=\"_blank\" rel=\"noopener\">Museo del Aire<\/a><\/em>, maquetas, y trabajos de la <a href=\"https:\/\/www.us.es\/estudiar\/que-estudiar\/oferta-de-grados\/grado-en-ingenieria-aeroespacial\" target=\"_blank\" rel=\"noopener\">Escuela de Ingenieros aeron\u00e1uticos de Sevilla<\/a>, y el excelente folleto resumen de la historia de la Aviaci\u00f3n en Sevilla patrocinado por el Ayto. de la capital andaluza.\r\n<ul>\r\n<br>\r\n \t<li><a href=\"https:\/\/www.gunner.es\/Mil\/wp-content\/uploads\/2022\/02\/Exposicion-100-anos-de-Aviacion-Pabellon-del-Futuro-2010.pdf\" target=\"_blank\" rel=\"noopener\">Exposici\u00f3n 100 a\u00f1os de Aviaci\u00f3n \u2013 Pabell\u00f3n del Futuro \u2013 2010<\/a><\/li>\r\n \t<li><a href=\"https:\/\/www.gunner.es\/Mil\/wp-content\/uploads\/2022\/02\/Un-siglo-de-Historia-Aeronautica-Sevilla-2010.pdf\" target=\"_blank\" rel=\"noopener\">Un siglo de Historia Aeron\u00e1utica \u2013 Sevilla 2010<\/a><\/li>\r\n<\/ul>\r\nFolletos del ciclo de actividades en 2005: La exposici\u00f3n de <a href=\"http:\/\/sevillaciudad.sevilla.abc.es\/reportajes\/casco-antiguo\/cultura-casco-antiguo\/las-naves-del-barranco-son-de-eiffel\/\">Naves del Barranco<\/a> y su ciclo de conferencias,\u00a0 la exposici\u00f3n en el <a href=\"https:\/\/www.alcazarsevilla.org\/salas-del-real-alcazar\/apeadero-apeadero-alighting-area\/\" target=\"_blank\" rel=\"noopener\"><em>Apeadero del Real Alc\u00e1zar<\/em><\/a> de maquetas, instrumentos, motores, libros, planos, documentos y otras piezas hist\u00f3ricas, y el vuelo conmemorativo en formaci\u00f3n del \u00ab<em><a href=\"https:\/\/es.wikipedia.org\/wiki\/Hispano_Aviaci%C3%B3n_HA-200_Saeta\" target=\"_blank\" rel=\"noopener\">Saeta<\/a><\/em>\u00bb y del \u00ab<a href=\"https:\/\/es.wikipedia.org\/wiki\/Eurofighter_Typhoon\" target=\"_blank\" rel=\"noopener\"><em>Eurofighter<\/em><\/a>\u2018.\r\n<ul>\r\n<br>\r\n \t<li><a href=\"https:\/\/www.gunner.es\/Mil\/wp-content\/uploads\/2022\/02\/Hangar-05-Sevilla-distrito-aeronautico-2005.pdf\" target=\"_blank\" rel=\"noopener\">Hangar 05 Sevilla distrito aeron\u00e1utico \u2013 2005<\/a><\/li>\r\n \t<li><a href=\"https:\/\/www.gunner.es\/Mil\/wp-content\/uploads\/2022\/02\/Concentracion-50-anos-Saeta-2005.pdf\" target=\"_blank\" rel=\"noopener\">Concentraci\u00f3n 50 a\u00f1os Saeta \u2013 2005<\/a><\/li>\r\n \t<li><a href=\"https:\/\/www.gunner.es\/Mil\/wp-content\/uploads\/2022\/02\/Exposicion-50-anos-Saeta-2005.pdf\" target=\"_blank\" rel=\"noopener\">Exposici\u00f3n 50 a\u00f1os Saeta \u2013 2005<\/a><\/li>\r\n<\/ul>\r\nFolleto de la ceremonia de clausura de los Segundos Juegos A\u00e9reos mundiales en el circuito de velocidad de\u00a0<a href=\"https:\/\/es.wikipedia.org\/wiki\/Jerez_de_la_Frontera\" target=\"_blank\" rel=\"noopener\"><em>Jerez de la Frontera<\/em><\/a>\u00a0en Junio de 2001.\r\n<ul>\r\n<br>\r\n \t<li><a href=\"https:\/\/www.gunner.es\/Mil\/wp-content\/uploads\/2022\/07\/Juegos-Aereos-Mundiales-Jerez-2001.pdf\" target=\"_blank\" rel=\"noopener\">Juegos A\u00e9reos Mundiales \u2013 Jer\u00e9z \u2013 2001<\/a><\/li>\r\n<\/ul>\r\nDocumento con descripci\u00f3n del evento, aeronaves participantes en la exhibici\u00f3n a\u00e9rea y disposici\u00f3n est\u00e1tica en pista del acto de celebraci\u00f3n del 75 aniversario del vuelo del <a href=\"https:\/\/es.wikipedia.org\/wiki\/Plus_Ultra_(hidroavi%C3%B3n)\" target=\"_blank\" rel=\"noopener\"><em>Plus-Ultra<\/em><\/a>\u00a0la\u00a0<a href=\"https:\/\/es.wikipedia.org\/wiki\/Base_A%C3%A9rea_de_Mor%C3%B3n\" target=\"_blank\" rel=\"noopener noreferrer\">base a\u00e9rea de\u00a0<em>Mor\u00f3n de la Frontera<\/em><\/a>\u00a0en abril de 2001.\r\n<ul>\r\n<br>\r\n \t<li><a href=\"https:\/\/www.gunner.es\/Mil\/wp-content\/uploads\/2022\/07\/75-Aniversario-vuelo-Plus-Ultra-2001.pdf\" target=\"_blank\" rel=\"noopener\">75 Aniversario vuelo Plus-Ultra \u2013 2001<\/a><\/li>\r\n<\/ul>\r\nExcepcional art\u00edculo publicado por\u00a0<a href=\"https:\/\/www.abc.es\/\" target=\"_blank\" rel=\"noopener\"><em>ABC<\/em><\/a>, en el que se analiza pormenorizadamente la primera operaci\u00f3n aeroterrestrenaval de la Historia Militar realizada con \u00e9xito en la <a href=\"https:\/\/es.wikipedia.org\/wiki\/Desembarco_de_Alhucemas\" target=\"_blank\" rel=\"noopener\">playa de <em>Alhucemas<\/em><\/a> y que inspirar\u00eda la estrategia de los generales\u00a0<a href=\"https:\/\/es.wikipedia.org\/wiki\/Dwight_D._Eisenhower\" target=\"_blank\" rel=\"noopener\"><em>Eisenhower<\/em><\/a>\u00a0y\u00a0<a href=\"https:\/\/es.wikipedia.org\/wiki\/Douglas_MacArthur\" target=\"_blank\" rel=\"noopener\"><em>MacArthur<\/em><\/a>\u00a0en la\u00a0<a href=\"https:\/\/es.wikipedia.org\/wiki\/Segunda_Guerra_Mundial\" target=\"_blank\" rel=\"noopener\">II Guerra Mundial<\/a>.\r\n<ul>\r\n<br>\r\n \t<li><a href=\"https:\/\/www.gunner.es\/Mil\/wp-content\/uploads\/2023\/01\/Alhucemas-El-desembarco-que-inspiro-Normandia-2000.pdf\" target=\"_blank\" rel=\"noopener\">Alhucemas &#8211; El desembarco que inspir\u00f3 Normand\u00eda \u2013 2000<\/a><\/li>\r\n<\/ul>\r\nFolleto, programa horario y aeronaves participantes en el festival a\u00e9reo organizado por El Ayuntamiento de <a href=\"https:\/\/es.wikipedia.org\/wiki\/C%C3%B3rdoba_(Espa%C3%B1a)\" target=\"_blank\" rel=\"noopener\"><em>C\u00f3rdoba<\/em><\/a>\u00a0y el club \u201c<em><a href=\"https:\/\/www.facebook.com\/motoryalaire\" target=\"_blank\" rel=\"noopener\">Motor y al Aire<\/a><\/em>\u201d en mayo de 1999.\r\n<ul>\r\n<br>\r\n \t<li><a href=\"https:\/\/www.gunner.es\/Mil\/wp-content\/uploads\/2022\/07\/Parrilla-F.A.-Cordoba-99-1999.pdf\" target=\"_blank\" rel=\"noopener\">Parrilla F.A. C\u00f3rdoba 99 \u2013 1999<\/a><\/li>\r\n \t<li><a href=\"https:\/\/www.gunner.es\/Mil\/wp-content\/uploads\/2022\/07\/Festival-aereo-Cordoba-99-1999.pdf\" target=\"_blank\" rel=\"noopener\">Festival a\u00e9reo C\u00f3rdoba 99 \u2013 1999<\/a><\/li>\r\n<\/ul>\r\nFolleto de la extraordinaria exhibici\u00f3n a\u00e9rea con la que se conmemor\u00f3 el 75 aniversario de la industria aeron\u00e1utica en <a href=\"https:\/\/es.wikipedia.org\/wiki\/Andaluc%C3%ADa\" target=\"_blank\" rel=\"noopener\"><em>Andaluc\u00eda<\/em><\/a> en Junio de 1998.\r\n<ul>\r\n<br>\r\n \t<li><a href=\"https:\/\/www.gunner.es\/Mil\/wp-content\/uploads\/2022\/07\/Aerodromo-de-Tablada-Festival-del-aire-1998.pdf\" target=\"_blank\" rel=\"noopener\">Aer\u00f3dromo de Tablada \u2013 Festival del aire -1998<\/a><\/li>\r\n<\/ul>\r\n<\/th>\r\n<\/tr>\r\n<\/tbody>\r\n<\/table>\r\n<table style=\"height: 129px;\" width=\"583\">\r\n<tbody>\r\n<tr>\r\n<th>\r\n<p style=\"text-align: left;\"><u>Documentos de \u00abDes-clasificados\u00bb:<\/u><\/p>\r\n<p style=\"text-align: left;\">El 28\/12\/2020 <a href=\"https:\/\/es.wikipedia.org\/wiki\/WikiLeaks\" target=\"_blank\" rel=\"noopener\">WikiLeaks<\/a> puso en linea toda la \u00abdocumentaci\u00f3n clasificada\u00bb extra\u00edda de diversas fuentes, entre ellas algunos documentos relativos a sistemas aeron\u00e1uticos.<\/p>\r\n\r\n<ul>\r\n \t<li style=\"text-align: left;\"><a href=\"https:\/\/www.gunner.es\/Mil\/wp-content\/uploads\/2021\/03\/us-f15c-tews-2000.pdf\" target=\"_blank\" rel=\"noopener noreferrer\">Sistema de guerra electr\u00f3nica del F-15 C\/D<\/a><!-- \/wp:list --><\/li>\r\n \t<li style=\"text-align: left;\"><a href=\"https:\/\/www.gunner.es\/Mil\/wp-content\/uploads\/2021\/03\/f18-pocket-guide.pdf\" target=\"_blank\" rel=\"noopener noreferrer\">Manual t\u00e1ctico del F\/A-18 A\/B\/C\/D<\/a><!-- \/wp:list --><\/li>\r\n \t<li style=\"text-align: left;\"><a href=\"https:\/\/www.gunner.es\/Mil\/wp-content\/uploads\/2021\/03\/us-f35-baranowski-2006.pdf\" target=\"_blank\" rel=\"noopener noreferrer\">Presentaci\u00f3n t\u00e9cnica de las variantes del F-35<\/a><!-- \/wp:list --><\/li>\r\n<\/ul>\r\n<\/th>\r\n<\/tr>\r\n<\/tbody>\r\n<\/table>\r\n<table style=\"height: 129px;\" width=\"583\">\r\n<tbody>\r\n<tr>\r\n<th>\r\n<p style=\"text-align: left;\"><u>Simulaci\u00f3n de vuelo:<\/u><\/p>\r\n<p style=\"text-align: left;\">Algunos art\u00edculos\/informes sobre tecnolog\u00edas relacionadas con la simulaci\u00f3n de vuelo en el Ej\u00e9rcito del Aire Espa\u00f1ol.<\/p>\r\n\r\n<ul>\r\n \t<li style=\"text-align: left;\"><a href=\"https:\/\/www.gunner.es\/Mil\/wp-content\/uploads\/2022\/10\/SImulador-Made-in-Spain.pdf\" target=\"_blank\" rel=\"noopener\">Simulador \u201cMade in Spain\u201d<\/a><\/li>\r\n \t<li style=\"text-align: left;\"><a href=\"https:\/\/www.gunner.es\/Mil\/wp-content\/uploads\/2022\/10\/Simulador-AV-8B.pdf\" target=\"_blank\" rel=\"noopener\">El cielo puede esperar &#8211; Simulador AV-8B<\/a><\/li>\r\n \t<li style=\"text-align: left;\"><a href=\"https:\/\/www.gunner.es\/Mil\/wp-content\/uploads\/2022\/10\/Simuladores-adios-a-las-armas.pdf\" target=\"_blank\" rel=\"noopener\">Simuladores &#8211; adi\u00f3s a las armas<\/a><\/li>\r\n \t<li style=\"text-align: left;\"><a href=\"https:\/\/www.gunner.es\/Mil\/wp-content\/uploads\/2022\/12\/Simulacion-en-el-EA-Eduardo-Sanchez-Pintado.pdf\">Simulaci\u00f3n en el EA &#8211; Col. Eduardo Sanchez Pintado<\/a><\/li>\r\n<\/ul>\r\n<\/th>\r\n<\/tr>\r\n<\/tbody>\r\n<\/table><!-- \/wp:freeform -->","protected":false},"excerpt":{"rendered":"<p>En esta secci\u00f3n del blog militar podr\u00e9is encontrar agrupadas por categor\u00edas &#8211; establecidas a criterio propio &#8211; diversa documentaci\u00f3n, ficheros y otros contenidos (procedentes de fuentes varias, eventos a los que he asistido, y\/o reunidos y escaneados pacientemente) que pueden ser de inter\u00e9s para los aficionados a estas tem\u00e1ticas, pero fundamentalmente asociados a los post<\/p>\n<p class=\"more-link\"><a href=\"https:\/\/www.gunner.es\/Mil\/index.php\/pagina-descargas\/\" class=\"themebutton2\">Read More<\/a><\/p>\n","protected":false},"author":1,"featured_media":0,"parent":0,"menu_order":0,"comment_status":"closed","ping_status":"closed","template":"","meta":{"footnotes":""},"class_list":["post-2","page","type-page","status-publish","hentry"],"_links":{"self":[{"href":"https:\/\/www.gunner.es\/Mil\/index.php\/wp-json\/wp\/v2\/pages\/2","targetHints":{"allow":["GET"]}}],"collection":[{"href":"https:\/\/www.gunner.es\/Mil\/index.php\/wp-json\/wp\/v2\/pages"}],"about":[{"href":"https:\/\/www.gunner.es\/Mil\/index.php\/wp-json\/wp\/v2\/types\/page"}],"author":[{"embeddable":true,"href":"https:\/\/www.gunner.es\/Mil\/index.php\/wp-json\/wp\/v2\/users\/1"}],"replies":[{"embeddable":true,"href":"https:\/\/www.gunner.es\/Mil\/index.php\/wp-json\/wp\/v2\/comments?post=2"}],"version-history":[{"count":84,"href":"https:\/\/www.gunner.es\/Mil\/index.php\/wp-json\/wp\/v2\/pages\/2\/revisions"}],"predecessor-version":[{"id":2804,"href":"https:\/\/www.gunner.es\/Mil\/index.php\/wp-json\/wp\/v2\/pages\/2\/revisions\/2804"}],"wp:attachment":[{"href":"https:\/\/www.gunner.es\/Mil\/index.php\/wp-json\/wp\/v2\/media?parent=2"}],"curies":[{"name":"wp","href":"https:\/\/api.w.org\/{rel}","templated":true}]}}